{"id":17751,"date":"2022-09-01T13:43:48","date_gmt":"2022-09-01T11:43:48","guid":{"rendered":"https:\/\/www-dev.voztele.com\/?page_id=17751"},"modified":"2024-12-05T13:12:35","modified_gmt":"2024-12-05T12:12:35","slug":"avis-legal","status":"publish","type":"page","link":"https:\/\/www.gammacom.es\/ca\/avis-legal\/","title":{"rendered":"Av\u00eds legal"},"content":{"rendered":"[vc_row type=&#8221;in_container&#8221; full_screen_row_position=&#8221;middle&#8221; column_margin=&#8221;default&#8221; column_direction=&#8221;default&#8221; column_direction_tablet=&#8221;default&#8221; column_direction_phone=&#8221;default&#8221; scene_position=&#8221;center&#8221; text_color=&#8221;dark&#8221; text_align=&#8221;left&#8221; row_border_radius=&#8221;none&#8221; row_border_radius_applies=&#8221;bg&#8221; overflow=&#8221;visible&#8221; overlay_strength=&#8221;0.3&#8243; gradient_direction=&#8221;left_to_right&#8221; shape_divider_position=&#8221;bottom&#8221; bg_image_animation=&#8221;none&#8221;][vc_column column_padding=&#8221;no-extra-padding&#8221; column_padding_tablet=&#8221;inherit&#8221; column_padding_phone=&#8221;inherit&#8221; column_padding_position=&#8221;all&#8221; column_element_direction_desktop=&#8221;default&#8221; column_element_spacing=&#8221;default&#8221; desktop_text_alignment=&#8221;default&#8221; tablet_text_alignment=&#8221;default&#8221; phone_text_alignment=&#8221;default&#8221; background_color_opacity=&#8221;1&#8243; background_hover_color_opacity=&#8221;1&#8243; column_backdrop_filter=&#8221;none&#8221; column_shadow=&#8221;none&#8221; column_border_radius=&#8221;none&#8221; column_link_target=&#8221;_self&#8221; column_position=&#8221;default&#8221; gradient_direction=&#8221;left_to_right&#8221; overlay_strength=&#8221;0.3&#8243; width=&#8221;1\/1&#8243; tablet_width_inherit=&#8221;default&#8221; animation_type=&#8221;default&#8221; bg_image_animation=&#8221;none&#8221; border_type=&#8221;simple&#8221; column_border_width=&#8221;none&#8221; column_border_style=&#8221;solid&#8221;][vc_row_inner column_margin=&#8221;default&#8221; column_direction=&#8221;default&#8221; column_direction_tablet=&#8221;default&#8221; column_direction_phone=&#8221;default&#8221; text_align=&#8221;left&#8221; row_position=&#8221;default&#8221; row_position_tablet=&#8221;inherit&#8221; row_position_phone=&#8221;inherit&#8221; overflow=&#8221;visible&#8221; pointer_events=&#8221;all&#8221;][vc_column_inner column_padding=&#8221;no-extra-padding&#8221; column_padding_tablet=&#8221;inherit&#8221; column_padding_phone=&#8221;inherit&#8221; column_padding_position=&#8221;all&#8221; column_element_direction_desktop=&#8221;default&#8221; column_element_spacing=&#8221;default&#8221; desktop_text_alignment=&#8221;default&#8221; tablet_text_alignment=&#8221;default&#8221; phone_text_alignment=&#8221;default&#8221; background_color_opacity=&#8221;1&#8243; background_hover_color_opacity=&#8221;1&#8243; column_backdrop_filter=&#8221;none&#8221; column_shadow=&#8221;none&#8221; column_border_radius=&#8221;none&#8221; column_link_target=&#8221;_self&#8221; overflow=&#8221;visible&#8221; gradient_direction=&#8221;left_to_right&#8221; overlay_strength=&#8221;0.3&#8243; width=&#8221;1\/1&#8243; tablet_width_inherit=&#8221;default&#8221; animation_type=&#8221;default&#8221; bg_image_animation=&#8221;none&#8221; border_type=&#8221;simple&#8221; column_border_width=&#8221;none&#8221; column_border_style=&#8221;solid&#8221;][vc_column_text]\n<h1><strong><span style=\"font-family: Arial, Helvetica, sans-serif; color: #000000;\">AV\u00cdS LEGAL<\/span><\/strong><\/h1>\n[\/vc_column_text][\/vc_column_inner][\/vc_row_inner][vc_column_text]\n<div class=\"vc_row wpb_row vc_row-fluid dt-default\">\n<div class=\"wpb_column vc_column_container vc_col-sm-12\">\n<div class=\"vc_column-inner \">\n<div class=\"wpb_wrapper\">\n<div class=\"wpb_text_column wpb_content_element \">\n<div class=\"wpb_wrapper\">\n<p><span style=\"font-family: Arial, Helvetica, sans-serif; color: #000000;\"><b>1. Informaci\u00f3 legal.<\/b><\/span><\/p>\n<\/div>\n<\/div>\n<div class=\"wpb_text_column wpb_content_element vc_custom_1559028900760\">\n<div class=\"wpb_wrapper\">\n<p><span style=\"font-family: Arial, Helvetica, sans-serif; color: #000000;\">Les presents disposicions regulen l&#8217;\u00fas de les seg\u00fcents webs que Gamma posa a disposici\u00f3 dels seus usuaris:<\/span><\/p>\n<p><span style=\"color: #6800d2;\"><a style=\"color: #6800d2;\" href=\"https:\/\/www.gammacom.es\/\"><span style=\"font-family: Arial, Helvetica, sans-serif;\">https:\/\/www.gammacom.es<\/span><\/a><\/span><\/p>\n<p><span style=\"color: #6800d2;\"><a style=\"color: #6800d2;\" href=\"https:\/\/blog.voztele.com\/\"><span style=\"font-family: Arial, Helvetica, sans-serif;\">http:\/\/blog.voztele.com<\/span><\/a><\/span><\/p>\n<p><span style=\"color: #6800d2;\"><a style=\"color: #6800d2;\" href=\"https:\/\/blog.videoconferencia.net\/\"><span style=\"font-family: Arial, Helvetica, sans-serif;\">http:\/\/blog.videoconferencia.net<\/span><\/a><\/span><\/p>\n<p><span style=\"color: #6800d2;\"><a style=\"color: #6800d2;\" href=\"https:\/\/soporte.gammacom.es\/\"><span style=\"font-family: Arial, Helvetica, sans-serif;\">https:\/\/soporte.gammacom.es<\/span><\/a><\/span><\/p>\n<p><span style=\"font-family: Arial, Helvetica, sans-serif; color: #000000;\">Per a comunicar-se amb Gamma pot dirigir-se al tel\u00e8fon que consta a la p\u00e0gina web i mitjan\u00e7ant correu electr\u00f2nic o formulari de contacte que figuren en l&#8217;apartat Contacte: <span style=\"color: #6800d2;\"><a style=\"color: #6800d2;\" href=\"https:\/\/www.gammacom.es\/ca\/contacte\/\">https:\/\/www.gammacom.es\/ca\/contacte\/<\/a><\/span><\/span><\/p>\n<p><span style=\"font-family: Arial, Helvetica, sans-serif; color: #000000;\">Gamma Operadora de Comunicaciones S.A.U, d&#8217;ara endavant Gamma, t\u00e9 el seu domicili social situat a l&#8217;Avinguda Universitat Aut\u00f2noma 3, Pl. 1a, 08290 \u2013 Cerdanyola del Vall\u00e8s \u2013 Barcelona. T\u00e9 el C.I.F. n\u00famero A-63102149 i es troba inscrita en el Registre Mercantil de Barcelona, en el tom 35301, Foli 0205, Full B262926.<\/span><\/p>\n<p><span style=\"font-family: Arial, Helvetica, sans-serif; color: #000000;\">Gamma Operadora de Comunicaciones S.A.U est\u00e0 inscrita en el registre d&#8217;operadors de xarxes i serveis de comunicacions electr\u00f2niques, la Comissi\u00f3 Nacional dels Mercats i la Compet\u00e8ncia, accessible a https:\/\/www.cnmc.es\/contacto i en el registre de franquiciadors del Ministeri d&#8217;Economia, Ind\u00fastria i Competitivitat accessible a https:\/\/sede.micinn.gob.es\/solicitudFranquiciadores\/.<\/span><\/p>\n<p><span style=\"font-family: Arial, Helvetica, sans-serif; color: #000000;\">L&#8217;acc\u00e9s a la web \u00e9s gratu\u00eft, els serveis que presta Gamma amb car\u00e0cter general, tenen el preu que s&#8217;indiqui en la corresponent oferta comercial estipulada en cada cas amb el client. Tots els preus que s&#8217;informen en les nostres webs s\u00f3n sense IVA.<\/span><\/p>\n<p><span style=\"font-family: Arial, Helvetica, sans-serif; color: #000000;\">La utilitzaci\u00f3 de la Web atribueix la condici\u00f3 d&#8217;usuari de la Web (d&#8217;ara endavant l&#8217;Usuari) i implica l&#8217;acceptaci\u00f3 de totes les condicions incloses en aquest Av\u00eds Legal. La prestaci\u00f3 del servei de la Web t\u00e9 una durada limitada al moment en el qual l&#8217;Usuari es trobi connectat a aquesta.<\/span><\/p>\n<p><span style=\"font-family: Arial, Helvetica, sans-serif; color: #000000;\"><strong>2. Drets de Propietat intel\u00b7lectual i industrial<\/strong><\/span><\/p>\n<p><span style=\"font-family: Arial, Helvetica, sans-serif; color: #000000;\">Les marques, noms comercials o signes distintius s\u00f3n titularitat de Gamma Operadora de Comunicaciones S.A.U o tercers, sense que pugui entendre&#8217;s que l&#8217;acc\u00e9s a la Web atribueixi cap dret sobre les citades marques, noms comercials i\/o signes distintius.<\/span><\/p>\n<p><span style=\"font-family: Arial, Helvetica, sans-serif; color: #000000;\">Tots els continguts de la web, aix\u00ed com el seu disseny gr\u00e0fic i codis font (d&#8217;ara endavant els \u2018Continguts\u2019), s\u00f3n propietat intel\u00b7lectual de Gamma o de tercers, sense que puguin entendre&#8217;s cedits a l&#8217;Usuari cap dels drets d&#8217;explotaci\u00f3 sobre els mateixos m\u00e9s enll\u00e0 de l&#8217;estrictament necessari per al correcte \u00fas de la Web.<\/span><\/p>\n<\/div>\n<\/div>\n<\/div>\n<\/div>\n<\/div>\n<\/div>\n<div class=\"vc_row wpb_row vc_row-fluid dt-default\">\n<div class=\"wpb_column vc_column_container vc_col-sm-12\">\n<div class=\"vc_column-inner \">\n<div class=\"wpb_wrapper\">\n<div class=\"wpb_text_column wpb_content_element \">\n<div class=\"wpb_wrapper\">\n<p><span style=\"font-family: Arial, Helvetica, sans-serif; color: #000000;\"><b>3. Condicions d&#8217;\u00fas de la Web<\/b><\/span><\/p>\n<\/div>\n<\/div>\n<div class=\"wpb_text_column wpb_content_element vc_custom_1524127418276\">\n<div class=\"wpb_wrapper\">\n<p><span style=\"font-family: Arial, Helvetica, sans-serif; color: #000000;\">3.A.- Sobre l&#8217;\u00das: L&#8217;Usuari s&#8217;obliga a fer un \u00fas correcte de la Web de conformitat amb la Llei i el present Av\u00eds Legal. L&#8217;Usuari respondr\u00e0 enfront de Gamma o enfront de tercers, de qualsevol dany i perjudici que poguessin causar-se a conseq\u00fc\u00e8ncia de l&#8217;incompliment d&#8217;aquesta obligaci\u00f3.<\/span><\/p>\n<p><span style=\"font-family: Arial, Helvetica, sans-serif; color: #000000;\">Queda expressament prohibit l&#8217;\u00fas de la Web amb finalitats lesives de b\u00e9ns o interessos de Gamma o de tercers o que de qualsevol altra forma sobrecarreguin, danyin o inutilitzin les xarxes, servidors i altres equips inform\u00e0tics (hardware) o productes i aplicacions inform\u00e0tiques (software) de Gamma o de tercers.<\/span><\/p>\n<p><span style=\"font-family: Arial, Helvetica, sans-serif; color: #000000;\">3.B.- Sobre els Continguts: L&#8217;Usuari es compromet a utilitzar els Continguts de conformitat amb la Llei i el present Av\u00eds Legal, aix\u00ed com amb les altres condicions, reglaments i instruccions que en el seu cas poguessin ser aplicables de conformitat amb el que es disposa a l&#8217;apartat 1.<\/span><\/p>\n<p><span style=\"font-family: Arial, Helvetica, sans-serif; color: #000000;\">D&#8217;acord amb la legislaci\u00f3 vigent, l&#8217;Usuari haur\u00e0 d&#8217;abstenir-se de reproduir, copiar, distribuir, posar a disposici\u00f3, extreure i\/o reutilitzar la totalitat o una part substancial dels continguts integrants de la web excepte en els casos autoritzats en la llei o expressament consentits per Gamma o per qui ostenti la titularitat dels drets d&#8217;explotaci\u00f3 en el seu cas.<\/span><\/p>\n<\/div>\n<\/div>\n<\/div>\n<\/div>\n<\/div>\n<\/div>\n<div class=\"vc_row wpb_row vc_row-fluid dt-default\">\n<div class=\"wpb_column vc_column_container vc_col-sm-12\">\n<div class=\"vc_column-inner \">\n<div class=\"wpb_wrapper\">\n<div class=\"wpb_text_column wpb_content_element \">\n<div class=\"wpb_wrapper\">\n<p><span style=\"font-family: Arial, Helvetica, sans-serif; color: #000000;\"><b>4. Exclusi\u00f3 de responsabilitat<\/b><\/span><\/p>\n<\/div>\n<\/div>\n<div class=\"wpb_text_column wpb_content_element vc_custom_1524127444759\">\n<div class=\"wpb_wrapper\">\n<p><span style=\"font-family: Arial, Helvetica, sans-serif; color: #000000;\">4.A.- Sobre la Informaci\u00f3: L&#8217;acc\u00e9s a la Web no implica de cap manera l&#8217;obligaci\u00f3 per part de Gamma de comprovar la veracitat, exactitud, adequaci\u00f3, idone\u00eftat, exhaustivitat i actualitat de les dades subministrades a trav\u00e9s d&#8217;aquesta. Els continguts d&#8217;aquesta p\u00e0gina s\u00f3n de car\u00e0cter general i no constitueixen, de cap manera, la prestaci\u00f3 de cap servei d&#8217;assessorament de cap mena.<\/span><\/p>\n<p><span style=\"font-family: Arial, Helvetica, sans-serif; color: #000000;\">Gamma no es responsabilitza de les decisions preses a partir de la informaci\u00f3 subministrada a la Web ni dels danys i perjudicis produ\u00efts en l&#8217;Usuari o tercers amb motiu d&#8217;actuacions que tinguin com a \u00fanic fonament la informaci\u00f3 obtinguda a la Web.<\/span><\/p>\n<p><span style=\"font-family: Arial, Helvetica, sans-serif; color: #000000;\">4.B.- Dels serveis: L&#8217;acc\u00e9s a la Web no implica l&#8217;obligaci\u00f3 per part de Gamma de controlar l&#8217;abs\u00e8ncia de virus o de qualsevol altre programa o sistema nociu. Corresponent a l&#8217;Usuari la disponibilitat d&#8217;eines adequades per a la detecci\u00f3 i desinfecci\u00f3 de programes inform\u00e0tics nocius.<\/span><\/p>\n<p><span style=\"font-family: Arial, Helvetica, sans-serif; color: #000000;\">.4.C.- De la disponibilitat de la Web: L&#8217;acc\u00e9s a la Web requereix serveis i subministraments de tercers, inclosos el transport a trav\u00e9s de xarxes de telecomunicacions la fiabilitat, qualitat, continu\u00eftat i funcionament <\/span><span style=\"color: #000000; font-family: Arial, Helvetica, sans-serif;\">de les quals, <\/span><span style=\"color: #000000; font-family: Arial, Helvetica, sans-serif;\">no correspon a Gamma. Per conseg\u00fcent, els serveis prove\u00efts a trav\u00e9s de la Web poden ser suspesos, cancel\u00b7lats o resultar inaccessibles per als Usuaris.<\/span><\/p>\n<p><span style=\"font-family: Arial, Helvetica, sans-serif; color: #000000;\">Gamma no es responsabilitza dels danys o perjudicis de qualsevol mena produ\u00efts a l&#8217;Usuari que portin causa de fallades o desconnexions en les xarxes de telecomunicacions que produeixin la suspensi\u00f3, cancel\u00b7laci\u00f3 o interrupci\u00f3 del servei de la Web durant la prestaci\u00f3 del mateix o amb car\u00e0cter previ.<\/span><\/p>\n<p><span style=\"font-family: Arial, Helvetica, sans-serif; color: #000000;\"><strong>5. Pol\u00edtica de Privacitat<\/strong><\/span><\/p>\n<p><span style=\"font-family: Arial, Helvetica, sans-serif;\"><span style=\"color: #000000;\">Gamma l&#8217;informa de la seva pol\u00edtica de privacitat amb la finalitat que els usuaris de la web puguin decidir de manera expressa, lliure i volunt\u00e0ria si desitgen facilitar a Gamma dades personals. Si Gamma disposa per a determinats serveis d&#8217;alguna previsi\u00f3 espec\u00edfica en mat\u00e8ria de privacitat, seran aplicables les condicions espec\u00edfiques de les quals Vost\u00e8 tindr\u00e0 oportunitat de prendre coneixement en contractar-los. En tot cas, prevaldr\u00e0 l&#8217;aplicaci\u00f3 d&#8217;aquelles condicions espec\u00edfiques per a cada servei. Pot accedir a la<\/span> <a href=\"https:\/\/www.gammacom.es\/politica-de-privacidad-Gamma\/\">Pol\u00edtica de Privacitat general de Gamma aqu\u00ed.<\/a><\/span><\/p>\n<p><span style=\"font-family: Arial, Helvetica, sans-serif;\"><span style=\"color: #000000;\">Aix\u00ed mateix, pot accedir-se a la<\/span> <a href=\"https:\/\/www.gammacom.es\/politica-de-cookies\/\">Pol\u00edtica de Cookies aqu\u00ed.<\/a><\/span><\/p>\n<p><span style=\"font-family: Arial, Helvetica, sans-serif; color: #000000;\"><strong>6. Xarxes Socials<\/strong><\/span><\/p>\n<p><span style=\"font-family: Arial, Helvetica, sans-serif; color: #000000;\">Posem en el seu coneixement que som presents a les Xarxes Socials. El tractament de les dades que es realitzi de les persones que es facin seguidores (i\/o realitzin qualsevol vincle o acci\u00f3 de connexi\u00f3 a trav\u00e9s de les Xarxes Socials) de les p\u00e0gines oficials que Gamma posi a la disposici\u00f3 dels usuaris, es regir\u00e0 per aquest apartat, aix\u00ed com per aquelles Condicions d&#8217;\u00fas, pol\u00edtiques de privacitat i altres normatives d&#8217;acc\u00e9s, \u00fas i similars que pertanyin a la xarxa social que correspongui, de les quals l&#8217;usuari de les Xarxes Socials, ja haur\u00e0 acceptat. L&#8217;empresa informa que tractar\u00e0 les seves dades amb les finalitats d&#8217;administrar correctament la seva pres\u00e8ncia en la xarxa social que correspongui, informar-lo d&#8217;activitats, productes o serveis de l&#8217;empresa i de les seves empreses vinculades a la nostra activitat, aix\u00ed com per a qualsevol altra finalitat que les normatives de les Xarxes Socials puguin permetre.<\/span><\/p>\n<\/div>\n<\/div>\n<\/div>\n<\/div>\n<\/div>\n<\/div>\n<div class=\"vc_row wpb_row vc_row-fluid dt-default\">\n<div class=\"wpb_column vc_column_container vc_col-sm-12\">\n<div class=\"vc_column-inner \">\n<div class=\"wpb_wrapper\">\n<div class=\"wpb_text_column wpb_content_element \">\n<div class=\"wpb_wrapper\">\n<p><span style=\"font-family: Arial, Helvetica, sans-serif; color: #000000;\"><strong>7. Legislaci\u00f3 aplicable<\/strong><\/span><\/p>\n<\/div>\n<\/div>\n<div class=\"wpb_text_column wpb_content_element vc_custom_1434464742191\">\n<div class=\"wpb_wrapper\">\n<p><span style=\"font-family: Arial, Helvetica, sans-serif; color: #000000;\">El present Av\u00eds Legal i les seves conseq\u00fc\u00e8ncies es regiran en tot cas per la legislaci\u00f3 espanyola que estigui en vigor a cada moment.<\/span><\/p>\n<\/div>\n<div>\n<p><span style=\"color: #000000;\">Als efectes del que disposa el Reglament UE 2022\/2065, de serveis digitals, Gamma no realitza cap supervisi\u00f3 ni moderaci\u00f3 de continguts o dades dels usuaris dels serveis de Gamma en les seves comunicacions electr\u00f2niques. Gamma \u00e9s una operadora de comunicacions electr\u00f2niques que duu a terme la transmissi\u00f3 i\/o concessi\u00f3 d\u2019acc\u00e9s per a les comunicacions del Client i els seus usuaris. Aquestes activitats poden comportar un mer emmagatzematge t\u00e8cnic, autom\u00e0tic, provisional i transitori de la informaci\u00f3 transmesa, sense cap acc\u00e9s a la mateixa, amb l\u2019\u00fanica finalitat d\u2019executar la transmissi\u00f3 en la xarxa de comunicacions i que la seva durada no superi el temps raonablement necessari per a aquesta transmissi\u00f3.<\/span><\/p>\n<p><span style=\"color: #000000;\">Es designa, als efectes d\u2019aquest Reglament, com a punt \u00fanic de contacte a Espanya, amb les autoritats i els destinataris dels serveis, el correu electr\u00f2nic: regulacion@gammacom.es, i l\u2019adre\u00e7a: Gamma Operadora de Comunicacions S.A.U. Av. Universitat Aut\u00f2noma 3, Pl. 1\u00aa, 08290 &#8211; Cerdanyola del Vall\u00e8s.<\/span><\/p>\n<\/div>\n<p><span style=\"color: #000000;\"><strong><span style=\"font-family: Arial, Helvetica, sans-serif;\">\u00ae Gamma \u00e9s una marca registrada de Gamma Operadora de Comunicaciones S.A.U &#8211; 01\/12\/2024<\/span><\/strong><\/span><\/p>\n<\/div>\n<\/div>\n<\/div>\n<\/div>\n<\/div>\n<div id=\"gtx-trans\" style=\"position: absolute; left: -75px; top: -8.8px;\">\n<div class=\"gtx-trans-icon\"><\/div>\n<\/div>\n[\/vc_column_text][vc_column_text]\n<h2><span style=\"color: #ffffff;\">Gamma<\/span><\/h2>\n[\/vc_column_text][\/vc_column][\/vc_row]\n","protected":false},"excerpt":{"rendered":"<p>[vc_row type=&#8221;in_container&#8221; full_screen_row_position=&#8221;middle&#8221; column_margin=&#8221;default&#8221; column_direction=&#8221;default&#8221; column_direction_tablet=&#8221;default&#8221; column_direction_phone=&#8221;default&#8221; scene_position=&#8221;center&#8221; text_color=&#8221;dark&#8221; text_align=&#8221;left&#8221; row_border_radius=&#8221;none&#8221; row_border_radius_applies=&#8221;bg&#8221; overflow=&#8221;visible&#8221; overlay_strength=&#8221;0.3&#8243; gradient_direction=&#8221;left_to_right&#8221; shape_divider_position=&#8221;bottom&#8221; bg_image_animation=&#8221;none&#8221;][vc_column column_padding=&#8221;no-extra-padding&#8221; column_padding_tablet=&#8221;inherit&#8221; column_padding_phone=&#8221;inherit&#8221; column_padding_position=&#8221;all&#8221; column_element_direction_desktop=&#8221;default&#8221; column_element_spacing=&#8221;default&#8221; desktop_text_alignment=&#8221;default&#8221; tablet_text_alignment=&#8221;default&#8221; phone_text_alignment=&#8221;default&#8221; background_color_opacity=&#8221;1&#8243; background_hover_color_opacity=&#8221;1&#8243; column_backdrop_filter=&#8221;none&#8221; column_shadow=&#8221;none&#8221;&#8230;<\/p>\n","protected":false},"author":2,"featured_media":0,"parent":0,"menu_order":0,"comment_status":"closed","ping_status":"closed","template":"","meta":{"footnotes":""},"class_list":["post-17751","page","type-page","status-publish"],"yoast_head":"<!-- This site is optimized with the Yoast SEO plugin v26.1 - https:\/\/yoast.com\/wordpress\/plugins\/seo\/ -->\n<title>Av\u00eds legal - Gamma<\/title>\n<meta name=\"robots\" content=\"index, follow, max-snippet:-1, max-image-preview:large, max-video-preview:-1\" \/>\n<link rel=\"canonical\" href=\"https:\/\/www.gammacom.es\/ca\/avis-legal\/\" \/>\n<meta property=\"og:locale\" content=\"ca_ES\" \/>\n<meta property=\"og:type\" content=\"article\" \/>\n<meta property=\"og:title\" content=\"Av\u00eds legal - Gamma\" \/>\n<meta property=\"og:description\" content=\"[vc_row type=&#8221;in_container&#8221; full_screen_row_position=&#8221;middle&#8221; column_margin=&#8221;default&#8221; column_direction=&#8221;default&#8221; column_direction_tablet=&#8221;default&#8221; column_direction_phone=&#8221;default&#8221; scene_position=&#8221;center&#8221; text_color=&#8221;dark&#8221; text_align=&#8221;left&#8221; row_border_radius=&#8221;none&#8221; row_border_radius_applies=&#8221;bg&#8221; overflow=&#8221;visible&#8221; overlay_strength=&#8221;0.3&#8243; gradient_direction=&#8221;left_to_right&#8221; shape_divider_position=&#8221;bottom&#8221; bg_image_animation=&#8221;none&#8221;][vc_column column_padding=&#8221;no-extra-padding&#8221; column_padding_tablet=&#8221;inherit&#8221; column_padding_phone=&#8221;inherit&#8221; column_padding_position=&#8221;all&#8221; column_element_direction_desktop=&#8221;default&#8221; column_element_spacing=&#8221;default&#8221; desktop_text_alignment=&#8221;default&#8221; tablet_text_alignment=&#8221;default&#8221; phone_text_alignment=&#8221;default&#8221; background_color_opacity=&#8221;1&#8243; background_hover_color_opacity=&#8221;1&#8243; column_backdrop_filter=&#8221;none&#8221; column_shadow=&#8221;none&#8221;...\" \/>\n<meta property=\"og:url\" content=\"https:\/\/www.gammacom.es\/ca\/avis-legal\/\" \/>\n<meta property=\"og:site_name\" content=\"Gamma\" \/>\n<meta property=\"article:publisher\" content=\"https:\/\/www.facebook.com\/gammacom.es\" \/>\n<meta property=\"article:modified_time\" content=\"2024-12-05T12:12:35+00:00\" \/>\n<meta name=\"twitter:card\" content=\"summary_large_image\" \/>\n<meta name=\"twitter:site\" content=\"@gammacom_es\" \/>\n<meta name=\"twitter:label1\" content=\"Est. reading time\" \/>\n\t<meta name=\"twitter:data1\" content=\"6 minutes\" \/>\n<script type=\"application\/ld+json\" class=\"yoast-schema-graph\">{\"@context\":\"https:\/\/schema.org\",\"@graph\":[{\"@type\":\"WebPage\",\"@id\":\"https:\/\/www.gammacom.es\/ca\/avis-legal\/\",\"url\":\"https:\/\/www.gammacom.es\/ca\/avis-legal\/\",\"name\":\"Av\u00eds legal - Gamma\",\"isPartOf\":{\"@id\":\"https:\/\/www.gammacom.es\/#website\"},\"datePublished\":\"2022-09-01T11:43:48+00:00\",\"dateModified\":\"2024-12-05T12:12:35+00:00\",\"breadcrumb\":{\"@id\":\"https:\/\/www.gammacom.es\/ca\/avis-legal\/#breadcrumb\"},\"inLanguage\":\"ca\",\"potentialAction\":[{\"@type\":\"ReadAction\",\"target\":[\"https:\/\/www.gammacom.es\/ca\/avis-legal\/\"]}]},{\"@type\":\"BreadcrumbList\",\"@id\":\"https:\/\/www.gammacom.es\/ca\/avis-legal\/#breadcrumb\",\"itemListElement\":[{\"@type\":\"ListItem\",\"position\":1,\"name\":\"Portada\",\"item\":\"https:\/\/www.gammacom.es\/ca\/\"},{\"@type\":\"ListItem\",\"position\":2,\"name\":\"Av\u00eds legal\"}]},{\"@type\":\"WebSite\",\"@id\":\"https:\/\/www.gammacom.es\/#website\",\"url\":\"https:\/\/www.gammacom.es\/\",\"name\":\"Gamma\",\"description\":\"L&#039;operador de comunicacions per a empreses\",\"publisher\":{\"@id\":\"https:\/\/www.gammacom.es\/#organization\"},\"potentialAction\":[{\"@type\":\"SearchAction\",\"target\":{\"@type\":\"EntryPoint\",\"urlTemplate\":\"https:\/\/www.gammacom.es\/?s={search_term_string}\"},\"query-input\":{\"@type\":\"PropertyValueSpecification\",\"valueRequired\":true,\"valueName\":\"search_term_string\"}}],\"inLanguage\":\"ca\"},{\"@type\":\"Organization\",\"@id\":\"https:\/\/www.gammacom.es\/#organization\",\"name\":\"Gamma\",\"url\":\"https:\/\/www.gammacom.es\/\",\"logo\":{\"@type\":\"ImageObject\",\"inLanguage\":\"ca\",\"@id\":\"https:\/\/www.gammacom.es\/#\/schema\/logo\/image\/\",\"url\":\"https:\/\/www.gammacom.es\/wp-content\/uploads\/2023\/06\/gamma-mobile-collaborate.jpg\",\"contentUrl\":\"https:\/\/www.gammacom.es\/wp-content\/uploads\/2023\/06\/gamma-mobile-collaborate.jpg\",\"width\":696,\"height\":696,\"caption\":\"Gamma\"},\"image\":{\"@id\":\"https:\/\/www.gammacom.es\/#\/schema\/logo\/image\/\"},\"sameAs\":[\"https:\/\/www.facebook.com\/gammacom.es\",\"https:\/\/x.com\/gammacom_es\"]}]}<\/script>\n<!-- \/ Yoast SEO plugin. -->","yoast_head_json":{"title":"Av\u00eds legal - Gamma","robots":{"index":"index","follow":"follow","max-snippet":"max-snippet:-1","max-image-preview":"max-image-preview:large","max-video-preview":"max-video-preview:-1"},"canonical":"https:\/\/www.gammacom.es\/ca\/avis-legal\/","og_locale":"ca_ES","og_type":"article","og_title":"Av\u00eds legal - Gamma","og_description":"[vc_row type=&#8221;in_container&#8221; full_screen_row_position=&#8221;middle&#8221; column_margin=&#8221;default&#8221; column_direction=&#8221;default&#8221; column_direction_tablet=&#8221;default&#8221; column_direction_phone=&#8221;default&#8221; scene_position=&#8221;center&#8221; text_color=&#8221;dark&#8221; text_align=&#8221;left&#8221; row_border_radius=&#8221;none&#8221; row_border_radius_applies=&#8221;bg&#8221; overflow=&#8221;visible&#8221; overlay_strength=&#8221;0.3&#8243; gradient_direction=&#8221;left_to_right&#8221; shape_divider_position=&#8221;bottom&#8221; bg_image_animation=&#8221;none&#8221;][vc_column column_padding=&#8221;no-extra-padding&#8221; column_padding_tablet=&#8221;inherit&#8221; column_padding_phone=&#8221;inherit&#8221; column_padding_position=&#8221;all&#8221; column_element_direction_desktop=&#8221;default&#8221; column_element_spacing=&#8221;default&#8221; desktop_text_alignment=&#8221;default&#8221; tablet_text_alignment=&#8221;default&#8221; phone_text_alignment=&#8221;default&#8221; background_color_opacity=&#8221;1&#8243; background_hover_color_opacity=&#8221;1&#8243; column_backdrop_filter=&#8221;none&#8221; column_shadow=&#8221;none&#8221;...","og_url":"https:\/\/www.gammacom.es\/ca\/avis-legal\/","og_site_name":"Gamma","article_publisher":"https:\/\/www.facebook.com\/gammacom.es","article_modified_time":"2024-12-05T12:12:35+00:00","twitter_card":"summary_large_image","twitter_site":"@gammacom_es","twitter_misc":{"Est. reading time":"6 minutes"},"schema":{"@context":"https:\/\/schema.org","@graph":[{"@type":"WebPage","@id":"https:\/\/www.gammacom.es\/ca\/avis-legal\/","url":"https:\/\/www.gammacom.es\/ca\/avis-legal\/","name":"Av\u00eds legal - Gamma","isPartOf":{"@id":"https:\/\/www.gammacom.es\/#website"},"datePublished":"2022-09-01T11:43:48+00:00","dateModified":"2024-12-05T12:12:35+00:00","breadcrumb":{"@id":"https:\/\/www.gammacom.es\/ca\/avis-legal\/#breadcrumb"},"inLanguage":"ca","potentialAction":[{"@type":"ReadAction","target":["https:\/\/www.gammacom.es\/ca\/avis-legal\/"]}]},{"@type":"BreadcrumbList","@id":"https:\/\/www.gammacom.es\/ca\/avis-legal\/#breadcrumb","itemListElement":[{"@type":"ListItem","position":1,"name":"Portada","item":"https:\/\/www.gammacom.es\/ca\/"},{"@type":"ListItem","position":2,"name":"Av\u00eds legal"}]},{"@type":"WebSite","@id":"https:\/\/www.gammacom.es\/#website","url":"https:\/\/www.gammacom.es\/","name":"Gamma","description":"L&#039;operador de comunicacions per a empreses","publisher":{"@id":"https:\/\/www.gammacom.es\/#organization"},"potentialAction":[{"@type":"SearchAction","target":{"@type":"EntryPoint","urlTemplate":"https:\/\/www.gammacom.es\/?s={search_term_string}"},"query-input":{"@type":"PropertyValueSpecification","valueRequired":true,"valueName":"search_term_string"}}],"inLanguage":"ca"},{"@type":"Organization","@id":"https:\/\/www.gammacom.es\/#organization","name":"Gamma","url":"https:\/\/www.gammacom.es\/","logo":{"@type":"ImageObject","inLanguage":"ca","@id":"https:\/\/www.gammacom.es\/#\/schema\/logo\/image\/","url":"https:\/\/www.gammacom.es\/wp-content\/uploads\/2023\/06\/gamma-mobile-collaborate.jpg","contentUrl":"https:\/\/www.gammacom.es\/wp-content\/uploads\/2023\/06\/gamma-mobile-collaborate.jpg","width":696,"height":696,"caption":"Gamma"},"image":{"@id":"https:\/\/www.gammacom.es\/#\/schema\/logo\/image\/"},"sameAs":["https:\/\/www.facebook.com\/gammacom.es","https:\/\/x.com\/gammacom_es"]}]}},"_links":{"self":[{"href":"https:\/\/www.gammacom.es\/ca\/wp-json\/wp\/v2\/pages\/17751","targetHints":{"allow":["GET"]}}],"collection":[{"href":"https:\/\/www.gammacom.es\/ca\/wp-json\/wp\/v2\/pages"}],"about":[{"href":"https:\/\/www.gammacom.es\/ca\/wp-json\/wp\/v2\/types\/page"}],"author":[{"embeddable":true,"href":"https:\/\/www.gammacom.es\/ca\/wp-json\/wp\/v2\/users\/2"}],"replies":[{"embeddable":true,"href":"https:\/\/www.gammacom.es\/ca\/wp-json\/wp\/v2\/comments?post=17751"}],"version-history":[{"count":1,"href":"https:\/\/www.gammacom.es\/ca\/wp-json\/wp\/v2\/pages\/17751\/revisions"}],"predecessor-version":[{"id":21327,"href":"https:\/\/www.gammacom.es\/ca\/wp-json\/wp\/v2\/pages\/17751\/revisions\/21327"}],"wp:attachment":[{"href":"https:\/\/www.gammacom.es\/ca\/wp-json\/wp\/v2\/media?parent=17751"}],"curies":[{"name":"wp","href":"https:\/\/api.w.org\/{rel}","templated":true}]}}