{"id":17656,"date":"2022-08-04T17:11:36","date_gmt":"2022-08-04T15:11:36","guid":{"rendered":"https:\/\/www-dev.voztele.com\/?page_id=17656"},"modified":"2025-07-23T09:25:19","modified_gmt":"2025-07-23T07:25:19","slug":"casos-dexit-voztelecom","status":"publish","type":"page","link":"https:\/\/www.gammacom.es\/ca\/casos-dexit-voztelecom\/","title":{"rendered":"casos d&#8217;\u00e8xit Gamma"},"content":{"rendered":"[vc_row type=&#8221;full_width_background&#8221; full_screen_row_position=&#8221;middle&#8221; column_margin=&#8221;default&#8221; column_direction=&#8221;default&#8221; column_direction_tablet=&#8221;default&#8221; column_direction_phone=&#8221;default&#8221; bg_color=&#8221;#ffffff&#8221; scene_position=&#8221;center&#8221; top_padding=&#8221;4%&#8221; bottom_padding=&#8221;3%&#8221; text_color=&#8221;light&#8221; text_align=&#8221;left&#8221; row_border_radius=&#8221;none&#8221; row_border_radius_applies=&#8221;bg&#8221; overflow=&#8221;visible&#8221; overlay_strength=&#8221;0.3&#8243; gradient_direction=&#8221;left_to_right&#8221; shape_divider_position=&#8221;bottom&#8221; bg_image_animation=&#8221;none&#8221; shape_type=&#8221;&#8221;][vc_column column_padding=&#8221;no-extra-padding&#8221; column_padding_tablet=&#8221;inherit&#8221; column_padding_phone=&#8221;inherit&#8221; column_padding_position=&#8221;all&#8221; column_element_direction_desktop=&#8221;default&#8221; column_element_spacing=&#8221;default&#8221; desktop_text_alignment=&#8221;default&#8221; tablet_text_alignment=&#8221;default&#8221; phone_text_alignment=&#8221;default&#8221; background_color_opacity=&#8221;1&#8243; background_hover_color_opacity=&#8221;1&#8243; column_backdrop_filter=&#8221;none&#8221; column_shadow=&#8221;none&#8221; column_border_radius=&#8221;none&#8221; column_link_target=&#8221;_self&#8221; column_position=&#8221;default&#8221; el_class=&#8221;rel=&#8220;stylesheet&#8220; href=&#8220;https:\/\/use.typekit.net\/wro5tma.css&#8220;&#8221; gradient_direction=&#8221;left_to_right&#8221; overlay_strength=&#8221;0.3&#8243; width=&#8221;1\/1&#8243; tablet_width_inherit=&#8221;default&#8221; animation_type=&#8221;default&#8221; bg_image_animation=&#8221;none&#8221; border_type=&#8221;simple&#8221; column_border_width=&#8221;none&#8221; column_border_style=&#8221;solid&#8221;][vc_row_inner equal_height=&#8221;yes&#8221; content_placement=&#8221;middle&#8221; column_margin=&#8221;default&#8221; column_direction=&#8221;default&#8221; column_direction_tablet=&#8221;default&#8221; column_direction_phone=&#8221;default&#8221; top_padding=&#8221;1%&#8221; text_align=&#8221;left&#8221; row_position=&#8221;default&#8221; row_position_tablet=&#8221;inherit&#8221; row_position_phone=&#8221;inherit&#8221; overflow=&#8221;visible&#8221; pointer_events=&#8221;all&#8221;][vc_column_inner column_padding=&#8221;padding-1-percent&#8221; column_padding_tablet=&#8221;inherit&#8221; column_padding_phone=&#8221;inherit&#8221; column_padding_position=&#8221;all&#8221; column_element_direction_desktop=&#8221;default&#8221; column_element_spacing=&#8221;default&#8221; desktop_text_alignment=&#8221;default&#8221; tablet_text_alignment=&#8221;default&#8221; phone_text_alignment=&#8221;default&#8221; background_color_opacity=&#8221;1&#8243; background_hover_color_opacity=&#8221;1&#8243; column_backdrop_filter=&#8221;none&#8221; font_color=&#8221;#1c1c1c&#8221; column_shadow=&#8221;none&#8221; column_border_radius=&#8221;none&#8221; column_link_target=&#8221;_self&#8221; overflow=&#8221;visible&#8221; gradient_direction=&#8221;left_to_right&#8221; overlay_strength=&#8221;0.3&#8243; width=&#8221;1\/1&#8243; tablet_width_inherit=&#8221;default&#8221; animation_type=&#8221;default&#8221; bg_image_animation=&#8221;none&#8221; border_type=&#8221;simple&#8221; column_border_width=&#8221;none&#8221; column_border_style=&#8221;solid&#8221;][vc_column_text]\n<h4><strong>Casos d&#8217;\u00e8xit Gamma<\/strong><\/h4>\n[\/vc_column_text][vc_column_text]\n<h2><span style=\"color: #6800d2;\">Descobreix els beneficis de ser client de Gamma<\/span><\/h2>\n[\/vc_column_text][divider line_type=&#8221;No Line&#8221; custom_height=&#8221;10&#8243;][\/vc_column_inner][\/vc_row_inner][\/vc_column][\/vc_row][vc_row type=&#8221;full_width_background&#8221; full_screen_row_position=&#8221;middle&#8221; column_margin=&#8221;default&#8221; column_direction=&#8221;default&#8221; column_direction_tablet=&#8221;default&#8221; column_direction_phone=&#8221;default&#8221; bg_color=&#8221;#6800d2&#8243; scene_position=&#8221;center&#8221; text_color=&#8221;dark&#8221; text_align=&#8221;left&#8221; row_border_radius=&#8221;none&#8221; row_border_radius_applies=&#8221;bg&#8221; overflow=&#8221;visible&#8221; overlay_strength=&#8221;0.3&#8243; gradient_direction=&#8221;left_to_right&#8221; shape_divider_position=&#8221;bottom&#8221; bg_image_animation=&#8221;none&#8221; shape_type=&#8221;&#8221;][vc_column column_padding=&#8221;no-extra-padding&#8221; column_padding_tablet=&#8221;inherit&#8221; column_padding_phone=&#8221;inherit&#8221; column_padding_position=&#8221;all&#8221; column_element_direction_desktop=&#8221;default&#8221; column_element_spacing=&#8221;default&#8221; desktop_text_alignment=&#8221;default&#8221; tablet_text_alignment=&#8221;default&#8221; phone_text_alignment=&#8221;default&#8221; background_color_opacity=&#8221;1&#8243; background_hover_color_opacity=&#8221;1&#8243; column_backdrop_filter=&#8221;none&#8221; column_shadow=&#8221;none&#8221; column_border_radius=&#8221;none&#8221; column_link_target=&#8221;_self&#8221; column_position=&#8221;default&#8221; gradient_direction=&#8221;left_to_right&#8221; overlay_strength=&#8221;0.3&#8243; width=&#8221;1\/1&#8243; tablet_width_inherit=&#8221;default&#8221; animation_type=&#8221;default&#8221; bg_image_animation=&#8221;none&#8221; border_type=&#8221;simple&#8221; column_border_width=&#8221;none&#8221; column_border_style=&#8221;solid&#8221;][divider line_type=&#8221;No Line&#8221; custom_height=&#8221;30&#8243;][vc_column_text]\n<h2 style=\"text-align: center;\"><span style=\"font-family: Arial, Helvetica, sans-serif; color: #ffffff;\">\u00bfQu\u00e8 opinen els nostres clients?<\/span><\/h2>\n[\/vc_column_text][divider line_type=&#8221;No Line&#8221; custom_height=&#8221;30&#8243;][vc_row_inner equal_height=&#8221;yes&#8221; column_margin=&#8221;default&#8221; column_direction=&#8221;default&#8221; column_direction_tablet=&#8221;default&#8221; column_direction_phone=&#8221;default&#8221; text_align=&#8221;left&#8221; row_position=&#8221;default&#8221; row_position_tablet=&#8221;inherit&#8221; row_position_phone=&#8221;inherit&#8221; overflow=&#8221;visible&#8221; pointer_events=&#8221;all&#8221;][vc_column_inner column_padding=&#8221;no-extra-padding&#8221; column_padding_tablet=&#8221;inherit&#8221; column_padding_phone=&#8221;inherit&#8221; column_padding_position=&#8221;all&#8221; column_element_direction_desktop=&#8221;default&#8221; column_element_spacing=&#8221;default&#8221; desktop_text_alignment=&#8221;default&#8221; tablet_text_alignment=&#8221;default&#8221; phone_text_alignment=&#8221;default&#8221; background_color_opacity=&#8221;1&#8243; background_hover_color_opacity=&#8221;1&#8243; column_backdrop_filter=&#8221;none&#8221; column_shadow=&#8221;none&#8221; column_border_radius=&#8221;none&#8221; column_link_target=&#8221;_self&#8221; overflow=&#8221;visible&#8221; boxed=&#8221;true&#8221; gradient_direction=&#8221;left_to_right&#8221; overlay_strength=&#8221;0.3&#8243; width=&#8221;1\/3&#8243; tablet_width_inherit=&#8221;default&#8221; animation_type=&#8221;default&#8221; bg_image_animation=&#8221;none&#8221; border_type=&#8221;simple&#8221; column_border_width=&#8221;none&#8221; column_border_style=&#8221;solid&#8221; column_padding_type=&#8221;default&#8221; gradient_type=&#8221;default&#8221;][image_with_animation image_url=&#8221;21811&#8243; image_size=&#8221;full&#8221; animation_type=&#8221;entrance&#8221; animation=&#8221;Fade In&#8221; animation_easing=&#8221;default&#8221; animation_movement_type=&#8221;transform_y&#8221; hover_animation=&#8221;none&#8221; alignment=&#8221;&#8221; border_radius=&#8221;none&#8221; box_shadow=&#8221;none&#8221; image_loading=&#8221;default&#8221; max_width=&#8221;100%&#8221; max_width_mobile=&#8221;default&#8221;][vc_column_text css_animation=&#8221;none&#8221; css=&#8221;.vc_custom_1744358133676{margin-bottom: 15px !important;}&#8221;]\n<h4 style=\"text-align: center;\"><span style=\"font-family: Arial, Helvetica, sans-serif; color: #000000;\"><strong>BITTI<\/strong><\/span><\/h4>\n<div id=\"gtx-trans\" style=\"position: absolute; left: -33px; top: -3.525px;\">\n<div class=\"gtx-trans-icon\"><\/div>\n<\/div>\n[\/vc_column_text][vc_column_text]\n<p style=\"text-align: center;\">Llu\u00eds Mart\u00ed, gerent de Bitti, ens explica com la centraleta virtual de Gamma s&#8217;ha convertit en un element imprescindible en el seu dia a dia. El servei al client \u00e9s la base del seu negoci i la centraleta els dona\u2026<\/p>\n<p style=\"text-align: center;\"><a href=\"https:\/\/www.gammacom.es\/como-la-centralita-virtual-de-gamma-ha-transformado-la-comunicacion-en-bitti\/\"><span style=\"font-family: Arial, Helvetica, sans-serif; color: #000000;\">Veure article complet \u00bb<\/span><\/a><\/p>\n[\/vc_column_text][\/vc_column_inner][vc_column_inner column_padding=&#8221;no-extra-padding&#8221; column_padding_tablet=&#8221;inherit&#8221; column_padding_phone=&#8221;inherit&#8221; column_padding_position=&#8221;all&#8221; column_element_direction_desktop=&#8221;default&#8221; column_element_spacing=&#8221;default&#8221; desktop_text_alignment=&#8221;default&#8221; tablet_text_alignment=&#8221;default&#8221; phone_text_alignment=&#8221;default&#8221; background_color_opacity=&#8221;1&#8243; background_hover_color_opacity=&#8221;1&#8243; column_backdrop_filter=&#8221;none&#8221; column_shadow=&#8221;none&#8221; column_border_radius=&#8221;none&#8221; column_link_target=&#8221;_self&#8221; overflow=&#8221;visible&#8221; boxed=&#8221;true&#8221; gradient_direction=&#8221;left_to_right&#8221; overlay_strength=&#8221;0.3&#8243; width=&#8221;1\/3&#8243; tablet_width_inherit=&#8221;default&#8221; animation_type=&#8221;default&#8221; bg_image_animation=&#8221;none&#8221; border_type=&#8221;simple&#8221; column_border_width=&#8221;none&#8221; column_border_style=&#8221;solid&#8221;][image_with_animation image_url=&#8221;21322&#8243; image_size=&#8221;full&#8221; animation_type=&#8221;entrance&#8221; animation=&#8221;Fade In&#8221; animation_easing=&#8221;default&#8221; animation_movement_type=&#8221;transform_y&#8221; hover_animation=&#8221;none&#8221; alignment=&#8221;&#8221; border_radius=&#8221;none&#8221; box_shadow=&#8221;none&#8221; image_loading=&#8221;default&#8221; max_width=&#8221;100%&#8221; max_width_mobile=&#8221;default&#8221;][vc_column_text css_animation=&#8221;none&#8221; css=&#8221;.vc_custom_1733401509923{margin-bottom: 15px !important;}&#8221;]\n<h4 style=\"text-align: center;\"><span style=\"font-family: Arial, Helvetica, sans-serif; color: #000000;\"><strong>GIBERNAU<\/strong><\/span><\/h4>\n<div id=\"gtx-trans\" style=\"position: absolute; left: -33px; top: -3.525px;\">\n<div class=\"gtx-trans-icon\"><\/div>\n<\/div>\n[\/vc_column_text][vc_column_text]\n<p style=\"text-align: center;\">Adriana Gibernau, representant de l&#8217;empresa, ens explica com gr\u00e0cies als serveis de Gamma, ara poden atendre les trucades des de l&#8217;ordinador, cosa que descongestiona la centraleta i garanteix que els clients\u2026<\/p>\n<p style=\"text-align: center;\"><a href=\"https:\/\/www.gammacom.es\/como-gibernau-ha-mejorado-su-dia-a-dia-con-la-centralita-virtual-de-gamma\/\"><span style=\"font-family: Arial, Helvetica, sans-serif; color: #000000;\">Veure article complet \u00bb<\/span><\/a><\/p>\n[\/vc_column_text][\/vc_column_inner][vc_column_inner column_padding=&#8221;no-extra-padding&#8221; column_padding_tablet=&#8221;inherit&#8221; column_padding_phone=&#8221;inherit&#8221; column_padding_position=&#8221;all&#8221; column_element_direction_desktop=&#8221;default&#8221; column_element_spacing=&#8221;default&#8221; desktop_text_alignment=&#8221;default&#8221; tablet_text_alignment=&#8221;default&#8221; phone_text_alignment=&#8221;default&#8221; background_color_opacity=&#8221;1&#8243; background_hover_color_opacity=&#8221;1&#8243; column_backdrop_filter=&#8221;none&#8221; column_shadow=&#8221;none&#8221; column_border_radius=&#8221;none&#8221; column_link_target=&#8221;_self&#8221; overflow=&#8221;visible&#8221; boxed=&#8221;true&#8221; gradient_direction=&#8221;left_to_right&#8221; overlay_strength=&#8221;0.3&#8243; width=&#8221;1\/3&#8243; tablet_width_inherit=&#8221;default&#8221; animation_type=&#8221;default&#8221; bg_image_animation=&#8221;none&#8221; border_type=&#8221;simple&#8221; column_border_width=&#8221;none&#8221; column_border_style=&#8221;solid&#8221; column_padding_type=&#8221;default&#8221; gradient_type=&#8221;default&#8221;][image_with_animation image_url=&#8221;21308&#8243; image_size=&#8221;full&#8221; animation_type=&#8221;entrance&#8221; animation=&#8221;Fade In&#8221; animation_easing=&#8221;default&#8221; animation_movement_type=&#8221;transform_y&#8221; hover_animation=&#8221;none&#8221; alignment=&#8221;&#8221; border_radius=&#8221;none&#8221; box_shadow=&#8221;none&#8221; image_loading=&#8221;default&#8221; max_width=&#8221;100%&#8221; max_width_mobile=&#8221;default&#8221;][vc_column_text css_animation=&#8221;none&#8221; css=&#8221;.vc_custom_1732526693904{margin-bottom: 15px !important;}&#8221;]\n<h4 style=\"text-align: center;\"><span style=\"font-family: Arial, Helvetica, sans-serif; color: #000000;\"><strong>PODOACTIVA<\/strong><\/span><\/h4>\n<div id=\"gtx-trans\" style=\"position: absolute; left: -33px; top: -3.525px;\">\n<div class=\"gtx-trans-icon\"><\/div>\n<\/div>\n[\/vc_column_text][vc_column_text]\n<p style=\"text-align: center;\">Ainhoa Herrera, responsable del departament d&#8217;Atenci\u00f3 al Pacient de Podoactiva, ens explica com gr\u00e0cies als serveis de Gamma, poden controlar el flux de trucades entrants, la durada mitjana, la disponibilitat dels operadors\u2026<\/p>\n<p style=\"text-align: center;\"><a href=\"https:\/\/www.gammacom.es\/gamma-podoactiva\/\"><span style=\"font-family: Arial, Helvetica, sans-serif; color: #000000;\">Veure article complet \u00bb<\/span><\/a><\/p>\n[\/vc_column_text][\/vc_column_inner][\/vc_row_inner][divider line_type=&#8221;No Line&#8221; custom_height=&#8221;20&#8243;][vc_row_inner equal_height=&#8221;yes&#8221; column_margin=&#8221;default&#8221; column_direction=&#8221;default&#8221; column_direction_tablet=&#8221;default&#8221; column_direction_phone=&#8221;default&#8221; text_align=&#8221;left&#8221; row_position=&#8221;default&#8221; row_position_tablet=&#8221;inherit&#8221; row_position_phone=&#8221;inherit&#8221; overflow=&#8221;visible&#8221; pointer_events=&#8221;all&#8221;][vc_column_inner column_padding=&#8221;no-extra-padding&#8221; column_padding_tablet=&#8221;inherit&#8221; column_padding_phone=&#8221;inherit&#8221; column_padding_position=&#8221;all&#8221; column_element_direction_desktop=&#8221;default&#8221; column_element_spacing=&#8221;default&#8221; desktop_text_alignment=&#8221;default&#8221; tablet_text_alignment=&#8221;default&#8221; phone_text_alignment=&#8221;default&#8221; background_color_opacity=&#8221;1&#8243; background_hover_color_opacity=&#8221;1&#8243; column_backdrop_filter=&#8221;none&#8221; column_shadow=&#8221;none&#8221; column_border_radius=&#8221;3px&#8221; column_link_target=&#8221;_self&#8221; overflow=&#8221;visible&#8221; boxed=&#8221;true&#8221; gradient_direction=&#8221;left_to_right&#8221; overlay_strength=&#8221;0.3&#8243; width=&#8221;1\/3&#8243; tablet_width_inherit=&#8221;default&#8221; animation_type=&#8221;default&#8221; bg_image_animation=&#8221;none&#8221; border_type=&#8221;simple&#8221; column_border_width=&#8221;none&#8221; column_border_style=&#8221;solid&#8221; column_padding_type=&#8221;default&#8221; gradient_type=&#8221;default&#8221;][image_with_animation image_url=&#8221;21115&#8243; image_size=&#8221;full&#8221; animation_type=&#8221;entrance&#8221; animation=&#8221;Fade In&#8221; animation_easing=&#8221;default&#8221; animation_movement_type=&#8221;transform_y&#8221; hover_animation=&#8221;none&#8221; alignment=&#8221;&#8221; border_radius=&#8221;none&#8221; box_shadow=&#8221;none&#8221; image_loading=&#8221;default&#8221; max_width=&#8221;100%&#8221; max_width_mobile=&#8221;default&#8221;][vc_column_text css_animation=&#8221;none&#8221; css=&#8221;.vc_custom_1726744081223{margin-bottom: 15px !important;}&#8221;]\n<h4 style=\"text-align: center;\"><span style=\"font-family: Arial, Helvetica, sans-serif; color: #000000;\"><strong>MAT CARGO<\/strong><\/span><\/h4>\n<div id=\"gtx-trans\" style=\"position: absolute; left: -33px; top: -3.525px;\">\n<div class=\"gtx-trans-icon\"><\/div>\n<\/div>\n[\/vc_column_text][vc_column_text]\n<p style=\"text-align: center;\">Jaime Homedes, IT Manager de MAT CARGO, ens<br \/>\nexplica que la integraci\u00f3 de la centraleta virtual de Gamma amb Microsoft Teams no tan sols els va permetre reduir costos de manera significativa, sin\u00f3 que tamb\u00e9 els va oferir la flexibilitat\u2026<\/p>\n<p style=\"text-align: center;\"><a href=\"https:\/\/www.gammacom.es\/mat-cargo-optimiza-sus-comunicaciones-con-la-integracion-de-la-centralita-virtual-de-gamma-y-microsoft-teams\/\"><span style=\"font-family: Arial, Helvetica, sans-serif; color: #000000;\">Veure article complet \u00bb<\/span><\/a><\/p>\n[\/vc_column_text][\/vc_column_inner][vc_column_inner column_padding=&#8221;no-extra-padding&#8221; column_padding_tablet=&#8221;inherit&#8221; column_padding_phone=&#8221;inherit&#8221; column_padding_position=&#8221;all&#8221; column_element_direction_desktop=&#8221;default&#8221; column_element_spacing=&#8221;default&#8221; desktop_text_alignment=&#8221;default&#8221; tablet_text_alignment=&#8221;default&#8221; phone_text_alignment=&#8221;default&#8221; background_color_opacity=&#8221;1&#8243; background_hover_color_opacity=&#8221;1&#8243; column_backdrop_filter=&#8221;none&#8221; column_shadow=&#8221;none&#8221; column_border_radius=&#8221;3px&#8221; column_link_target=&#8221;_self&#8221; overflow=&#8221;visible&#8221; boxed=&#8221;true&#8221; gradient_direction=&#8221;left_to_right&#8221; overlay_strength=&#8221;0.3&#8243; width=&#8221;1\/3&#8243; tablet_width_inherit=&#8221;default&#8221; animation_type=&#8221;default&#8221; bg_image_animation=&#8221;none&#8221; border_type=&#8221;simple&#8221; column_border_width=&#8221;none&#8221; column_border_style=&#8221;solid&#8221; column_padding_type=&#8221;default&#8221; gradient_type=&#8221;default&#8221;][image_with_animation image_url=&#8221;21044&#8243; image_size=&#8221;full&#8221; animation_type=&#8221;entrance&#8221; animation=&#8221;Fade In&#8221; animation_easing=&#8221;default&#8221; animation_movement_type=&#8221;transform_y&#8221; hover_animation=&#8221;none&#8221; alignment=&#8221;&#8221; border_radius=&#8221;none&#8221; box_shadow=&#8221;none&#8221; image_loading=&#8221;default&#8221; max_width=&#8221;100%&#8221; max_width_mobile=&#8221;default&#8221;][vc_column_text css_animation=&#8221;none&#8221; css=&#8221;.vc_custom_1723111864015{margin-bottom: 15px !important;}&#8221;]\n<h4 style=\"text-align: center;\"><span style=\"font-family: Arial, Helvetica, sans-serif; color: #000000;\"><strong>ASSPE<\/strong><\/span><\/h4>\n<div id=\"gtx-trans\" style=\"position: absolute; left: -33px; top: -3.525px;\">\n<div class=\"gtx-trans-icon\"><\/div>\n<\/div>\n[\/vc_column_text][vc_column_text]\n<p style=\"text-align: center;\"><span style=\"font-family: Arial, Helvetica, sans-serif; color: #000000;\">Josep Hern\u00e1ndez, gerent d&#8217;ASSPE, ens explica que la combinaci\u00f3 d&#8217;una oferta econ\u00f2mica competitiva, un servei d&#8217;alta qualitat i adaptat a les seves necessitats i un suport al client excepcional \u00e9s el que fa de Gamma&#8230;<\/span><\/p>\n<p style=\"text-align: center;\"><a href=\"https:\/\/www.gammacom.es\/como-gamma-ha-mejorado-las-comunicaciones-de-asspe-gracias-a-su-centralita-virtual-centrex\/\"><span style=\"font-family: Arial, Helvetica, sans-serif; color: #000000;\">Veure article complet \u00bb<\/span><\/a><\/p>\n[\/vc_column_text][\/vc_column_inner][vc_column_inner column_padding=&#8221;no-extra-padding&#8221; column_padding_tablet=&#8221;inherit&#8221; column_padding_phone=&#8221;inherit&#8221; column_padding_position=&#8221;all&#8221; column_element_direction_desktop=&#8221;default&#8221; column_element_spacing=&#8221;default&#8221; desktop_text_alignment=&#8221;default&#8221; tablet_text_alignment=&#8221;default&#8221; phone_text_alignment=&#8221;default&#8221; background_color_opacity=&#8221;1&#8243; background_hover_color_opacity=&#8221;1&#8243; column_backdrop_filter=&#8221;none&#8221; column_shadow=&#8221;none&#8221; column_border_radius=&#8221;none&#8221; column_link_target=&#8221;_self&#8221; overflow=&#8221;visible&#8221; boxed=&#8221;true&#8221; gradient_direction=&#8221;left_to_right&#8221; overlay_strength=&#8221;0.3&#8243; width=&#8221;1\/3&#8243; tablet_width_inherit=&#8221;default&#8221; animation_type=&#8221;default&#8221; bg_image_animation=&#8221;none&#8221; border_type=&#8221;simple&#8221; column_border_width=&#8221;none&#8221; column_border_style=&#8221;solid&#8221;][image_with_animation image_url=&#8221;20286&#8243; image_size=&#8221;full&#8221; animation_type=&#8221;entrance&#8221; animation=&#8221;Fade In&#8221; animation_easing=&#8221;default&#8221; animation_movement_type=&#8221;transform_y&#8221; hover_animation=&#8221;none&#8221; alignment=&#8221;&#8221; border_radius=&#8221;none&#8221; box_shadow=&#8221;none&#8221; image_loading=&#8221;default&#8221; max_width=&#8221;100%&#8221; max_width_mobile=&#8221;default&#8221;][vc_column_text css_animation=&#8221;none&#8221; css=&#8221;.vc_custom_1716477795416{margin-bottom: 15px !important;}&#8221;]\n<h4 style=\"text-align: center;\"><span style=\"font-family: Arial, Helvetica, sans-serif; color: #000000;\"><strong>Energy Tools<\/strong><\/span><\/h4>\n<div id=\"gtx-trans\" style=\"position: absolute; left: -33px; top: -3.525px;\">\n<div class=\"gtx-trans-icon\"><\/div>\n<\/div>\n[\/vc_column_text][vc_column_text]\n<p style=\"text-align: center;\"><span style=\"font-family: Arial, Helvetica, sans-serif; color: #000000;\">David Vila, Deputy General Manager d&#8217;Energy Tools, ens explica com gr\u00e0cies a la integraci\u00f3 de la centraleta virtual de Gamma amb Microsoft Teams, ara poden col\u00b7laborar i comunicar-se des d&#8217;una \u00fanica aplicaci\u00f3 i en qualsevol moment i lloc&#8230;<\/span><\/p>\n<p style=\"text-align: center;\"><a href=\"https:\/\/www.gammacom.es\/energy-tools-y-gamma\/\"><span style=\"font-family: Arial, Helvetica, sans-serif; color: #000000;\">Veure article complet \u00bb<\/span><\/a><\/p>\n[\/vc_column_text][\/vc_column_inner][\/vc_row_inner][vc_row_inner equal_height=&#8221;yes&#8221; column_margin=&#8221;default&#8221; column_direction=&#8221;default&#8221; column_direction_tablet=&#8221;default&#8221; column_direction_phone=&#8221;default&#8221; text_align=&#8221;left&#8221; row_position=&#8221;default&#8221; row_position_tablet=&#8221;inherit&#8221; row_position_phone=&#8221;inherit&#8221; overflow=&#8221;visible&#8221; pointer_events=&#8221;all&#8221;][vc_column_inner column_padding=&#8221;no-extra-padding&#8221; column_padding_tablet=&#8221;inherit&#8221; column_padding_phone=&#8221;inherit&#8221; column_padding_position=&#8221;all&#8221; column_element_direction_desktop=&#8221;default&#8221; column_element_spacing=&#8221;default&#8221; desktop_text_alignment=&#8221;default&#8221; tablet_text_alignment=&#8221;default&#8221; phone_text_alignment=&#8221;default&#8221; background_color_opacity=&#8221;1&#8243; background_hover_color_opacity=&#8221;1&#8243; column_backdrop_filter=&#8221;none&#8221; column_shadow=&#8221;none&#8221; column_border_radius=&#8221;none&#8221; column_link_target=&#8221;_self&#8221; overflow=&#8221;visible&#8221; boxed=&#8221;true&#8221; gradient_direction=&#8221;left_to_right&#8221; overlay_strength=&#8221;0.3&#8243; width=&#8221;1\/3&#8243; tablet_width_inherit=&#8221;default&#8221; animation_type=&#8221;default&#8221; bg_image_animation=&#8221;none&#8221; border_type=&#8221;simple&#8221; column_border_width=&#8221;none&#8221; column_border_style=&#8221;solid&#8221; column_padding_type=&#8221;default&#8221; gradient_type=&#8221;default&#8221;][image_with_animation image_url=&#8221;19756&#8243; image_size=&#8221;full&#8221; animation_type=&#8221;entrance&#8221; animation=&#8221;Fade In&#8221; animation_easing=&#8221;default&#8221; animation_movement_type=&#8221;transform_y&#8221; hover_animation=&#8221;none&#8221; alignment=&#8221;&#8221; border_radius=&#8221;none&#8221; box_shadow=&#8221;none&#8221; image_loading=&#8221;default&#8221; max_width=&#8221;100%&#8221; max_width_mobile=&#8221;default&#8221;][vc_column_text css_animation=&#8221;none&#8221; css=&#8221;.vc_custom_1699544926909{margin-bottom: 15px !important;}&#8221;]\n<h4 style=\"text-align: center;\"><span style=\"font-family: Arial, Helvetica, sans-serif; color: #000000;\"><strong>Grunver Sostenibilidad<\/strong><\/span><\/h4>\n<div id=\"gtx-trans\" style=\"position: absolute; left: -33px; top: -3.525px;\">\n<div class=\"gtx-trans-icon\"><\/div>\n<\/div>\n[\/vc_column_text][vc_column_text]\n<p style=\"text-align: center;\"><span style=\"font-family: Arial, Helvetica, sans-serif; color: #000000;\">Antton Sala, soci de Grunver, ens explica com gr\u00e0cies a la integraci\u00f3 de la telefonia amb Teams, ara poden realitzar i rebre trucades des de qualsevol lloc i garantir aix\u00ed la continu\u00eftat\u2026<\/span><\/p>\n<p style=\"text-align: center;\"><a href=\"https:\/\/www.gammacom.es\/gamma-y-grunver-telefonia-teams\/\"><span style=\"font-family: Arial, Helvetica, sans-serif; color: #000000;\">Veure article complet\u00a0\u00bb<\/span><\/a><\/p>\n[\/vc_column_text][\/vc_column_inner][vc_column_inner column_padding=&#8221;no-extra-padding&#8221; column_padding_tablet=&#8221;inherit&#8221; column_padding_phone=&#8221;inherit&#8221; column_padding_position=&#8221;all&#8221; column_element_direction_desktop=&#8221;default&#8221; column_element_spacing=&#8221;default&#8221; desktop_text_alignment=&#8221;default&#8221; tablet_text_alignment=&#8221;default&#8221; phone_text_alignment=&#8221;default&#8221; background_color_opacity=&#8221;1&#8243; background_hover_color_opacity=&#8221;1&#8243; column_backdrop_filter=&#8221;none&#8221; column_shadow=&#8221;none&#8221; column_border_radius=&#8221;none&#8221; column_link_target=&#8221;_self&#8221; overflow=&#8221;visible&#8221; boxed=&#8221;true&#8221; gradient_direction=&#8221;left_to_right&#8221; overlay_strength=&#8221;0.3&#8243; width=&#8221;1\/3&#8243; tablet_width_inherit=&#8221;default&#8221; animation_type=&#8221;default&#8221; bg_image_animation=&#8221;none&#8221; border_type=&#8221;simple&#8221; column_border_width=&#8221;none&#8221; column_border_style=&#8221;solid&#8221; column_padding_type=&#8221;default&#8221; gradient_type=&#8221;default&#8221;][image_with_animation image_url=&#8221;11459&#8243; image_size=&#8221;full&#8221; animation_type=&#8221;entrance&#8221; animation=&#8221;None&#8221; animation_movement_type=&#8221;transform_y&#8221; hover_animation=&#8221;none&#8221; alignment=&#8221;center&#8221; border_radius=&#8221;none&#8221; box_shadow=&#8221;none&#8221; image_loading=&#8221;default&#8221; max_width=&#8221;100%&#8221; max_width_mobile=&#8221;default&#8221;][vc_column_text css_animation=&#8221;none&#8221; css=&#8221;.vc_custom_1634201843547{margin-bottom: 15px !important;}&#8221;]\n<h4 style=\"text-align: center;\"><span style=\"font-family: Arial, Helvetica, sans-serif; color: #000000;\"><strong>Phoenix Teefactory<\/strong><\/span><\/h4>\n<div id=\"gtx-trans\" style=\"position: absolute; left: -33px; top: -3.525px;\">\n<div class=\"gtx-trans-icon\"><\/div>\n<\/div>\n[\/vc_column_text][vc_column_text]\n<p style=\"text-align: center;\"><span style=\"font-family: Arial, Helvetica, sans-serif; color: #000000;\">\u00c1ngel Fern\u00e1ndez, CEO de Phoenix Teefactory, ens explica com Centrex s&#8217;adapta completament a les necessitats de la seva empresa i destaca el suport i acompanyament del&#8230;<\/span><\/p>\n<p style=\"text-align: center;\"><span style=\"font-family: Arial, Helvetica, sans-serif; color: #000000;\"><a style=\"color: #000000;\" href=\"https:\/\/blog.voztele.com\/2020\/06\/18\/phoenix-teefactory-apuesta-por-Gamma-para-sus-comunicaciones-empresariales\/\">Veure article complet \u00bb<\/a><\/span><\/p>\n[\/vc_column_text][divider line_type=&#8221;No Line&#8221; custom_height=&#8221;20&#8243;][\/vc_column_inner][vc_column_inner column_padding=&#8221;no-extra-padding&#8221; column_padding_tablet=&#8221;inherit&#8221; column_padding_phone=&#8221;inherit&#8221; column_padding_position=&#8221;all&#8221; column_element_direction_desktop=&#8221;default&#8221; column_element_spacing=&#8221;default&#8221; desktop_text_alignment=&#8221;default&#8221; tablet_text_alignment=&#8221;default&#8221; phone_text_alignment=&#8221;default&#8221; background_color_opacity=&#8221;1&#8243; background_hover_color_opacity=&#8221;1&#8243; column_backdrop_filter=&#8221;none&#8221; column_shadow=&#8221;none&#8221; column_border_radius=&#8221;3px&#8221; column_link_target=&#8221;_self&#8221; overflow=&#8221;visible&#8221; boxed=&#8221;true&#8221; gradient_direction=&#8221;left_to_right&#8221; overlay_strength=&#8221;0.3&#8243; width=&#8221;1\/3&#8243; tablet_width_inherit=&#8221;default&#8221; animation_type=&#8221;default&#8221; bg_image_animation=&#8221;none&#8221; border_type=&#8221;simple&#8221; column_border_width=&#8221;none&#8221; column_border_style=&#8221;solid&#8221; column_padding_type=&#8221;default&#8221; gradient_type=&#8221;default&#8221;][image_with_animation image_url=&#8221;8714&#8243; image_size=&#8221;full&#8221; animation_type=&#8221;entrance&#8221; animation=&#8221;None&#8221; animation_movement_type=&#8221;transform_y&#8221; hover_animation=&#8221;none&#8221; alignment=&#8221;center&#8221; border_radius=&#8221;none&#8221; box_shadow=&#8221;none&#8221; image_loading=&#8221;default&#8221; max_width=&#8221;100%&#8221; max_width_mobile=&#8221;default&#8221;][vc_column_text css_animation=&#8221;none&#8221; css=&#8221;.vc_custom_1634201884943{margin-bottom: 15px !important;}&#8221;]\n<h4 style=\"text-align: center;\"><span style=\"font-family: Arial, Helvetica, sans-serif; color: #000000;\"><strong>Berlitz<\/strong><\/span><\/h4>\n<div id=\"gtx-trans\" style=\"position: absolute; left: -24px; top: -3.525px;\">\n<div class=\"gtx-trans-icon\"><\/div>\n<\/div>\n[\/vc_column_text][vc_column_text]\n<p style=\"text-align: center;\"><span style=\"color: #000000; font-family: Arial, Helvetica, sans-serif;\">Jose Ignacio Sancho, director IT de Berlitz Espa\u00f1a, ens explica com gr\u00e0cies a Gamma han aconseguit un servei que cobreix totes les seves necessitats\u2026<\/span><\/p>\n<p style=\"text-align: center;\"><span style=\"font-family: Arial, Helvetica, sans-serif; color: #000000;\"><a style=\"color: #000000;\" href=\"https:\/\/blog.voztele.com\/2018\/04\/17\/berlitz-y-Gamma\/\">Veure article complet\u00a0\u00bb<\/a><\/span><\/p>\n[\/vc_column_text][\/vc_column_inner][\/vc_row_inner][divider line_type=&#8221;No Line&#8221; custom_height=&#8221;20&#8243;][\/vc_column][\/vc_row]\n","protected":false},"excerpt":{"rendered":"<p>[vc_row type=&#8221;full_width_background&#8221; full_screen_row_position=&#8221;middle&#8221; column_margin=&#8221;default&#8221; column_direction=&#8221;default&#8221; column_direction_tablet=&#8221;default&#8221; column_direction_phone=&#8221;default&#8221; bg_color=&#8221;#ffffff&#8221; scene_position=&#8221;center&#8221; top_padding=&#8221;4%&#8221; bottom_padding=&#8221;3%&#8221; text_color=&#8221;light&#8221; text_align=&#8221;left&#8221; row_border_radius=&#8221;none&#8221; row_border_radius_applies=&#8221;bg&#8221; overflow=&#8221;visible&#8221; overlay_strength=&#8221;0.3&#8243; gradient_direction=&#8221;left_to_right&#8221; shape_divider_position=&#8221;bottom&#8221; bg_image_animation=&#8221;none&#8221; shape_type=&#8221;&#8221;][vc_column column_padding=&#8221;no-extra-padding&#8221; column_padding_tablet=&#8221;inherit&#8221; column_padding_phone=&#8221;inherit&#8221; column_padding_position=&#8221;all&#8221; column_element_direction_desktop=&#8221;default&#8221; column_element_spacing=&#8221;default&#8221; desktop_text_alignment=&#8221;default&#8221; tablet_text_alignment=&#8221;default&#8221; phone_text_alignment=&#8221;default&#8221;&#8230;<\/p>\n","protected":false},"author":2,"featured_media":0,"parent":0,"menu_order":0,"comment_status":"closed","ping_status":"closed","template":"","meta":{"footnotes":""},"class_list":["post-17656","page","type-page","status-publish"],"yoast_head":"<!-- This site is optimized with the Yoast SEO plugin v26.1 - https:\/\/yoast.com\/wordpress\/plugins\/seo\/ -->\n<title>casos d&#039;\u00e8xit Gamma - Gamma<\/title>\n<meta name=\"robots\" content=\"index, follow, max-snippet:-1, max-image-preview:large, max-video-preview:-1\" \/>\n<link rel=\"canonical\" href=\"https:\/\/www.gammacom.es\/ca\/casos-dexit-voztelecom\/\" \/>\n<meta property=\"og:locale\" content=\"ca_ES\" \/>\n<meta property=\"og:type\" content=\"article\" \/>\n<meta property=\"og:title\" content=\"casos d&#039;\u00e8xit Gamma - Gamma\" \/>\n<meta property=\"og:description\" content=\"[vc_row type=&#8221;full_width_background&#8221; full_screen_row_position=&#8221;middle&#8221; column_margin=&#8221;default&#8221; column_direction=&#8221;default&#8221; column_direction_tablet=&#8221;default&#8221; column_direction_phone=&#8221;default&#8221; bg_color=&#8221;#ffffff&#8221; scene_position=&#8221;center&#8221; top_padding=&#8221;4%&#8221; bottom_padding=&#8221;3%&#8221; text_color=&#8221;light&#8221; text_align=&#8221;left&#8221; row_border_radius=&#8221;none&#8221; row_border_radius_applies=&#8221;bg&#8221; overflow=&#8221;visible&#8221; overlay_strength=&#8221;0.3&#8243; gradient_direction=&#8221;left_to_right&#8221; shape_divider_position=&#8221;bottom&#8221; bg_image_animation=&#8221;none&#8221; shape_type=&#8221;&#8221;][vc_column column_padding=&#8221;no-extra-padding&#8221; column_padding_tablet=&#8221;inherit&#8221; column_padding_phone=&#8221;inherit&#8221; column_padding_position=&#8221;all&#8221; column_element_direction_desktop=&#8221;default&#8221; column_element_spacing=&#8221;default&#8221; desktop_text_alignment=&#8221;default&#8221; tablet_text_alignment=&#8221;default&#8221; phone_text_alignment=&#8221;default&#8221;...\" \/>\n<meta property=\"og:url\" content=\"https:\/\/www.gammacom.es\/ca\/casos-dexit-voztelecom\/\" \/>\n<meta property=\"og:site_name\" content=\"Gamma\" \/>\n<meta property=\"article:publisher\" content=\"https:\/\/www.facebook.com\/gammacom.es\" \/>\n<meta property=\"article:modified_time\" content=\"2025-07-23T07:25:19+00:00\" \/>\n<meta name=\"twitter:card\" content=\"summary_large_image\" \/>\n<meta name=\"twitter:site\" content=\"@gammacom_es\" \/>\n<meta name=\"twitter:label1\" content=\"Est. reading time\" \/>\n\t<meta name=\"twitter:data1\" content=\"7 minutes\" \/>\n<script type=\"application\/ld+json\" class=\"yoast-schema-graph\">{\"@context\":\"https:\/\/schema.org\",\"@graph\":[{\"@type\":\"WebPage\",\"@id\":\"https:\/\/www.gammacom.es\/ca\/casos-dexit-voztelecom\/\",\"url\":\"https:\/\/www.gammacom.es\/ca\/casos-dexit-voztelecom\/\",\"name\":\"casos d'\u00e8xit Gamma - Gamma\",\"isPartOf\":{\"@id\":\"https:\/\/www.gammacom.es\/#website\"},\"datePublished\":\"2022-08-04T15:11:36+00:00\",\"dateModified\":\"2025-07-23T07:25:19+00:00\",\"breadcrumb\":{\"@id\":\"https:\/\/www.gammacom.es\/ca\/casos-dexit-voztelecom\/#breadcrumb\"},\"inLanguage\":\"ca\",\"potentialAction\":[{\"@type\":\"ReadAction\",\"target\":[\"https:\/\/www.gammacom.es\/ca\/casos-dexit-voztelecom\/\"]}]},{\"@type\":\"BreadcrumbList\",\"@id\":\"https:\/\/www.gammacom.es\/ca\/casos-dexit-voztelecom\/#breadcrumb\",\"itemListElement\":[{\"@type\":\"ListItem\",\"position\":1,\"name\":\"Portada\",\"item\":\"https:\/\/www.gammacom.es\/ca\/\"},{\"@type\":\"ListItem\",\"position\":2,\"name\":\"casos d&#8217;\u00e8xit Gamma\"}]},{\"@type\":\"WebSite\",\"@id\":\"https:\/\/www.gammacom.es\/#website\",\"url\":\"https:\/\/www.gammacom.es\/\",\"name\":\"Gamma\",\"description\":\"L&#039;operador de comunicacions per a empreses\",\"publisher\":{\"@id\":\"https:\/\/www.gammacom.es\/#organization\"},\"potentialAction\":[{\"@type\":\"SearchAction\",\"target\":{\"@type\":\"EntryPoint\",\"urlTemplate\":\"https:\/\/www.gammacom.es\/?s={search_term_string}\"},\"query-input\":{\"@type\":\"PropertyValueSpecification\",\"valueRequired\":true,\"valueName\":\"search_term_string\"}}],\"inLanguage\":\"ca\"},{\"@type\":\"Organization\",\"@id\":\"https:\/\/www.gammacom.es\/#organization\",\"name\":\"Gamma\",\"url\":\"https:\/\/www.gammacom.es\/\",\"logo\":{\"@type\":\"ImageObject\",\"inLanguage\":\"ca\",\"@id\":\"https:\/\/www.gammacom.es\/#\/schema\/logo\/image\/\",\"url\":\"https:\/\/www.gammacom.es\/wp-content\/uploads\/2023\/06\/gamma-mobile-collaborate.jpg\",\"contentUrl\":\"https:\/\/www.gammacom.es\/wp-content\/uploads\/2023\/06\/gamma-mobile-collaborate.jpg\",\"width\":696,\"height\":696,\"caption\":\"Gamma\"},\"image\":{\"@id\":\"https:\/\/www.gammacom.es\/#\/schema\/logo\/image\/\"},\"sameAs\":[\"https:\/\/www.facebook.com\/gammacom.es\",\"https:\/\/x.com\/gammacom_es\"]}]}<\/script>\n<!-- \/ Yoast SEO plugin. -->","yoast_head_json":{"title":"casos d'\u00e8xit Gamma - Gamma","robots":{"index":"index","follow":"follow","max-snippet":"max-snippet:-1","max-image-preview":"max-image-preview:large","max-video-preview":"max-video-preview:-1"},"canonical":"https:\/\/www.gammacom.es\/ca\/casos-dexit-voztelecom\/","og_locale":"ca_ES","og_type":"article","og_title":"casos d'\u00e8xit Gamma - Gamma","og_description":"[vc_row type=&#8221;full_width_background&#8221; full_screen_row_position=&#8221;middle&#8221; column_margin=&#8221;default&#8221; column_direction=&#8221;default&#8221; column_direction_tablet=&#8221;default&#8221; column_direction_phone=&#8221;default&#8221; bg_color=&#8221;#ffffff&#8221; scene_position=&#8221;center&#8221; top_padding=&#8221;4%&#8221; bottom_padding=&#8221;3%&#8221; text_color=&#8221;light&#8221; text_align=&#8221;left&#8221; row_border_radius=&#8221;none&#8221; row_border_radius_applies=&#8221;bg&#8221; overflow=&#8221;visible&#8221; overlay_strength=&#8221;0.3&#8243; gradient_direction=&#8221;left_to_right&#8221; shape_divider_position=&#8221;bottom&#8221; bg_image_animation=&#8221;none&#8221; shape_type=&#8221;&#8221;][vc_column column_padding=&#8221;no-extra-padding&#8221; column_padding_tablet=&#8221;inherit&#8221; column_padding_phone=&#8221;inherit&#8221; column_padding_position=&#8221;all&#8221; column_element_direction_desktop=&#8221;default&#8221; column_element_spacing=&#8221;default&#8221; desktop_text_alignment=&#8221;default&#8221; tablet_text_alignment=&#8221;default&#8221; phone_text_alignment=&#8221;default&#8221;...","og_url":"https:\/\/www.gammacom.es\/ca\/casos-dexit-voztelecom\/","og_site_name":"Gamma","article_publisher":"https:\/\/www.facebook.com\/gammacom.es","article_modified_time":"2025-07-23T07:25:19+00:00","twitter_card":"summary_large_image","twitter_site":"@gammacom_es","twitter_misc":{"Est. reading time":"7 minutes"},"schema":{"@context":"https:\/\/schema.org","@graph":[{"@type":"WebPage","@id":"https:\/\/www.gammacom.es\/ca\/casos-dexit-voztelecom\/","url":"https:\/\/www.gammacom.es\/ca\/casos-dexit-voztelecom\/","name":"casos d'\u00e8xit Gamma - Gamma","isPartOf":{"@id":"https:\/\/www.gammacom.es\/#website"},"datePublished":"2022-08-04T15:11:36+00:00","dateModified":"2025-07-23T07:25:19+00:00","breadcrumb":{"@id":"https:\/\/www.gammacom.es\/ca\/casos-dexit-voztelecom\/#breadcrumb"},"inLanguage":"ca","potentialAction":[{"@type":"ReadAction","target":["https:\/\/www.gammacom.es\/ca\/casos-dexit-voztelecom\/"]}]},{"@type":"BreadcrumbList","@id":"https:\/\/www.gammacom.es\/ca\/casos-dexit-voztelecom\/#breadcrumb","itemListElement":[{"@type":"ListItem","position":1,"name":"Portada","item":"https:\/\/www.gammacom.es\/ca\/"},{"@type":"ListItem","position":2,"name":"casos d&#8217;\u00e8xit Gamma"}]},{"@type":"WebSite","@id":"https:\/\/www.gammacom.es\/#website","url":"https:\/\/www.gammacom.es\/","name":"Gamma","description":"L&#039;operador de comunicacions per a empreses","publisher":{"@id":"https:\/\/www.gammacom.es\/#organization"},"potentialAction":[{"@type":"SearchAction","target":{"@type":"EntryPoint","urlTemplate":"https:\/\/www.gammacom.es\/?s={search_term_string}"},"query-input":{"@type":"PropertyValueSpecification","valueRequired":true,"valueName":"search_term_string"}}],"inLanguage":"ca"},{"@type":"Organization","@id":"https:\/\/www.gammacom.es\/#organization","name":"Gamma","url":"https:\/\/www.gammacom.es\/","logo":{"@type":"ImageObject","inLanguage":"ca","@id":"https:\/\/www.gammacom.es\/#\/schema\/logo\/image\/","url":"https:\/\/www.gammacom.es\/wp-content\/uploads\/2023\/06\/gamma-mobile-collaborate.jpg","contentUrl":"https:\/\/www.gammacom.es\/wp-content\/uploads\/2023\/06\/gamma-mobile-collaborate.jpg","width":696,"height":696,"caption":"Gamma"},"image":{"@id":"https:\/\/www.gammacom.es\/#\/schema\/logo\/image\/"},"sameAs":["https:\/\/www.facebook.com\/gammacom.es","https:\/\/x.com\/gammacom_es"]}]}},"_links":{"self":[{"href":"https:\/\/www.gammacom.es\/ca\/wp-json\/wp\/v2\/pages\/17656","targetHints":{"allow":["GET"]}}],"collection":[{"href":"https:\/\/www.gammacom.es\/ca\/wp-json\/wp\/v2\/pages"}],"about":[{"href":"https:\/\/www.gammacom.es\/ca\/wp-json\/wp\/v2\/types\/page"}],"author":[{"embeddable":true,"href":"https:\/\/www.gammacom.es\/ca\/wp-json\/wp\/v2\/users\/2"}],"replies":[{"embeddable":true,"href":"https:\/\/www.gammacom.es\/ca\/wp-json\/wp\/v2\/comments?post=17656"}],"version-history":[{"count":14,"href":"https:\/\/www.gammacom.es\/ca\/wp-json\/wp\/v2\/pages\/17656\/revisions"}],"predecessor-version":[{"id":22071,"href":"https:\/\/www.gammacom.es\/ca\/wp-json\/wp\/v2\/pages\/17656\/revisions\/22071"}],"wp:attachment":[{"href":"https:\/\/www.gammacom.es\/ca\/wp-json\/wp\/v2\/media?parent=17656"}],"curies":[{"name":"wp","href":"https:\/\/api.w.org\/{rel}","templated":true}]}}